{"id":2086,"date":"2022-10-21T14:28:04","date_gmt":"2022-10-21T12:28:04","guid":{"rendered":"https:\/\/reves-denfants.fr\/?page_id=2086"},"modified":"2023-10-06T10:57:10","modified_gmt":"2023-10-06T08:57:10","slug":"mentions-legales","status":"publish","type":"page","link":"https:\/\/reves-denfants.fr\/index.php\/mentions-legales\/","title":{"rendered":"Mentions l\u00e9gales"},"content":{"rendered":"\n<p><strong>MENTIONS L\u00c9GALES<\/strong><\/p>\n\n\n\n<p>Les micro-cr\u00e8ches<strong> REVES D&rsquo;ENFANTS<\/strong> accueillent les enfants de 10 semaines jusqu\u2019\u00e0 l\u2019entr\u00e9e \u00e0 l\u2019\u00e9cole maternelle.\u200b\u200b<br> \u200b\u200b<br><strong>R\u00eaves d&rsquo;Etoiles<\/strong>: Activit\u00e9 r\u00e9glement\u00e9e par une autorisation d&rsquo;ouverture publiques en date du 01\/10\/2020 d\u00e9livr\u00e9 par le pr\u00e9sident du conseil d\u00e9partemental.<br><strong>Bulles de R\u00eaves<\/strong> : Activit\u00e9 r\u00e9glement\u00e9e par une autorisation d&rsquo;ouverture publiques en date du 28\/10\/2020 d\u00e9livr\u00e9 par le pr\u00e9sident du conseil d\u00e9partemental.<br> <br>Ce site internet appartient \u00e0 la soci\u00e9t\u00e9 REVES D&rsquo;ENFANTS, soci\u00e9t\u00e9 par actions simplifi\u00e9e au capital de 1.000 euros, dirig\u00e9e par Marine BACHELIER.<br> SASU REVES D&rsquo;ENFANTS R.C.S. Versailles 882 496 649 00014<br> Si\u00e8ge social : 5\/7 rue Charles Edouard Jeanneret 78300 Poissy.<br> <br>Nos services mettent tout en \u0153uvre pour offrir aux visiteurs de ce site web des informations fiables et v\u00e9rifi\u00e9es, et pour modifier et mettre \u00e0 jour ce site internet. Cependant, il ne repr\u00e9sente en aucun cas un engagement contractuel. Ainsi, il peut, malgr\u00e9 notre volont\u00e9, comporter des inexactitudes ou des erreurs.\u200b\u200bEn cas d\u2019oubli ou d\u2019erreur d\u00e9tect\u00e9s, veuillez nous contacter \u00e0 l\u2019adresse e-mail suivante :\u200b\u200b&nbsp;<a href=\"mailto:contact@o3ptitschats.fr\">contact@reves-denfants.fr<\/a><br> <br> <\/p>\n\n\n\n<p><strong>\u200bPOLITIQUE DE CONFIDENTIALIT\u00c9\u200b<\/strong><\/p>\n\n\n\n<p>Cette Politique vous informe de nos pratiques en mati\u00e8re de traitement des donn\u00e9es et de la protection de vos informations personnelles.\u200b\u200b<br>Ces donn\u00e9es sont collect\u00e9es par la soci\u00e9t\u00e9 REVES D&rsquo;ENFANTS pour des finalit\u00e9s l\u00e9gitimes et d\u00e9termin\u00e9es par la Pr\u00e9sente Politique de Confidentialit\u00e9.\u200b\u200b<br>Nous nous engageons \u00e0 respecter les normes et les dispositions l\u00e9gales et r\u00e9glementaires fran\u00e7aises.\u200b\u200b<br>L\u2019ensemble des dispositions l\u00e9gislatives relatives aux normes europ\u00e9ennes, dont le RGPD (R\u00e8glement G\u00e9n\u00e9ral sur la Protection des Donn\u00e9es, loi entr\u00e9e en vigueur en Mai 2018 en conformit\u00e9 avec la Loi Informatique et Libert\u00e9s du 6 janvier 1978, le R\u00e8glement (UE) 2016\/679 du parlement europ\u00e9en et du conseil du 27 avril 2016) est respect\u00e9.\u200b\u200b<br>Nos micro-cr\u00e8ches veillent \u00e0 appliquer cette politique stricte et s\u2019engagent ainsi \u00e0 ne pas enfreindre les normes de confidentialit\u00e9, de s\u00e9curit\u00e9, mais \u00e9galement de transparence li\u00e9es \u00e0 la garantie des protections des donn\u00e9es \u00e0 caract\u00e8re personnel.\u200b\u200b<br>La pr\u00e9sente Politique peut \u00eatre amen\u00e9e \u00e0 \u00eatre modifi\u00e9e, compl\u00e9t\u00e9e ou mise \u00e0 jour afin de se conformer \u00e0 toute \u00e9volution l\u00e9gale. La politique en vigueur au moment de la collecte des donn\u00e9es sera par d\u00e9faut appliqu\u00e9e.\u200b\u200b<br>Par ailleurs, nous nous engageons \u00e0 ne pas vendre, ni louer vos informations personnelles \u00e0 un tiers sans votre autorisation.<\/p>\n\n\n\n<p><strong>PROPRI\u00c9T\u00c9 INTELLECTUELLE<\/strong><strong>\u200b<\/strong><strong><\/strong><\/p>\n\n\n\n<p>\u200bL\u2019ensemble des donn\u00e9es pr\u00e9sentes et publi\u00e9es sur notre site internet est en conformit\u00e9 avec les l\u00e9gislations Fran\u00e7aises et Internationales des droits d\u2019auteur ainsi que de la propri\u00e9t\u00e9 intellectuelle.\u200b\u200b<br>Toutes les pages, textes, pictogrammes, photographies pr\u00e9sents sur ce site web ont des droits enti\u00e8rement r\u00e9serv\u00e9s au pr\u00e9sent site.\u200b\u200b<br>Toutes reproductions, utilisations, modifications sont strictement interdites sur un support \u00e9lectronique ou sur tout autre support, et ce, conform\u00e9ment \u00e0 l\u2019article L 122-4 du Code de la Propri\u00e9t\u00e9 intellectuelle.\u200b<br> \u200b\u200b<br> Photographies, pictogrammes, logotypes : tous droits r\u00e9serv\u00e9s REVES D&rsquo;ENFANTS &#8211; \u00d4 P\u2019tit M\u00f4me \u2013 Adobe Stock.<br> <br> Membre du r\u00e9seau O P&rsquo;Tit M\u00f4me &amp; Adh\u00e9rent ANM CONSO :&nbsp;<a href=\"https:\/\/www.anm-conso.com\/\">https:\/\/www.anm-conso.com<\/a><\/p>\n\n\n\n<p><\/p>\n\n\n\n<p>Directeur de Publication : Marine Bachelier<\/p>\n\n\n\n<p>H\u00e9bergement et Domaine Chez OVH Roubaix<\/p>\n\n\n\n<p>Cbarbot.com<\/p>\n","protected":false},"excerpt":{"rendered":"<p>MENTIONS L\u00c9GALES Les micro-cr\u00e8ches REVES D&rsquo;ENFANTS accueillent les enfants de 10 semaines jusqu\u2019\u00e0 l\u2019entr\u00e9e \u00e0 l\u2019\u00e9cole maternelle.\u200b\u200b \u200b\u200bR\u00eaves d&rsquo;Etoiles: Activit\u00e9 r\u00e9glement\u00e9e par une autorisation d&rsquo;ouverture publiques en date du 01\/10\/2020 d\u00e9livr\u00e9 par le pr\u00e9sident du conseil d\u00e9partemental.Bulles de R\u00eaves : Activit\u00e9 r\u00e9glement\u00e9e par une autorisation d&rsquo;ouverture publiques en date du [&hellip;]<\/p>\n","protected":false},"author":2,"featured_media":0,"parent":0,"menu_order":0,"comment_status":"closed","ping_status":"closed","template":"","meta":{"footnotes":""},"class_list":["post-2086","page","type-page","status-publish","hentry"],"yoast_head":"<!-- This site is optimized with the Yoast SEO plugin v24.1 - https:\/\/yoast.com\/wordpress\/plugins\/seo\/ -->\n<title>Mentions l\u00e9gales - Micro-cr\u00eaches R\u00eaves d&#039;enfants<\/title>\n<meta name=\"robots\" content=\"index, follow, max-snippet:-1, max-image-preview:large, max-video-preview:-1\" \/>\n<link rel=\"canonical\" href=\"https:\/\/reves-denfants.fr\/index.php\/mentions-legales\/\" \/>\n<meta property=\"og:locale\" content=\"fr_FR\" \/>\n<meta property=\"og:type\" content=\"article\" \/>\n<meta property=\"og:title\" content=\"Mentions l\u00e9gales - Micro-cr\u00eaches R\u00eaves d&#039;enfants\" \/>\n<meta property=\"og:description\" content=\"MENTIONS L\u00c9GALES Les micro-cr\u00e8ches REVES D&rsquo;ENFANTS accueillent les enfants de 10 semaines jusqu\u2019\u00e0 l\u2019entr\u00e9e \u00e0 l\u2019\u00e9cole maternelle.\u200b\u200b \u200b\u200bR\u00eaves d&rsquo;Etoiles: Activit\u00e9 r\u00e9glement\u00e9e par une autorisation d&rsquo;ouverture publiques en date du 01\/10\/2020 d\u00e9livr\u00e9 par le pr\u00e9sident du conseil d\u00e9partemental.Bulles de R\u00eaves : Activit\u00e9 r\u00e9glement\u00e9e par une autorisation d&rsquo;ouverture publiques en date du [&hellip;]\" \/>\n<meta property=\"og:url\" content=\"https:\/\/reves-denfants.fr\/index.php\/mentions-legales\/\" \/>\n<meta property=\"og:site_name\" content=\"Micro-cr\u00eaches R\u00eaves d&#039;enfants\" \/>\n<meta property=\"article:modified_time\" content=\"2023-10-06T08:57:10+00:00\" \/>\n<meta property=\"og:image\" content=\"https:\/\/reves-denfants.fr\/wp-content\/uploads\/2020\/02\/LOGO-REVES-D-ENFANTS-2020.png\" \/>\n\t<meta property=\"og:image:width\" content=\"1238\" \/>\n\t<meta property=\"og:image:height\" content=\"560\" \/>\n\t<meta property=\"og:image:type\" content=\"image\/png\" \/>\n<meta name=\"twitter:card\" content=\"summary_large_image\" \/>\n<meta name=\"twitter:label1\" content=\"Dur\u00e9e de lecture estim\u00e9e\" \/>\n\t<meta name=\"twitter:data1\" content=\"3 minutes\" \/>\n<script type=\"application\/ld+json\" class=\"yoast-schema-graph\">{\"@context\":\"https:\/\/schema.org\",\"@graph\":[{\"@type\":\"WebPage\",\"@id\":\"https:\/\/reves-denfants.fr\/index.php\/mentions-legales\/\",\"url\":\"https:\/\/reves-denfants.fr\/index.php\/mentions-legales\/\",\"name\":\"Mentions l\u00e9gales - Micro-cr\u00eaches R\u00eaves d&#039;enfants\",\"isPartOf\":{\"@id\":\"https:\/\/reves-denfants.fr\/#website\"},\"datePublished\":\"2022-10-21T12:28:04+00:00\",\"dateModified\":\"2023-10-06T08:57:10+00:00\",\"breadcrumb\":{\"@id\":\"https:\/\/reves-denfants.fr\/index.php\/mentions-legales\/#breadcrumb\"},\"inLanguage\":\"fr-FR\",\"potentialAction\":[{\"@type\":\"ReadAction\",\"target\":[\"https:\/\/reves-denfants.fr\/index.php\/mentions-legales\/\"]}]},{\"@type\":\"BreadcrumbList\",\"@id\":\"https:\/\/reves-denfants.fr\/index.php\/mentions-legales\/#breadcrumb\",\"itemListElement\":[{\"@type\":\"ListItem\",\"position\":1,\"name\":\"Accueil\",\"item\":\"https:\/\/reves-denfants.fr\/\"},{\"@type\":\"ListItem\",\"position\":2,\"name\":\"Mentions l\u00e9gales\"}]},{\"@type\":\"WebSite\",\"@id\":\"https:\/\/reves-denfants.fr\/#website\",\"url\":\"https:\/\/reves-denfants.fr\/\",\"name\":\"Micro-cr\u00eaches R\u00eaves d&#039;enfants\",\"description\":\"Nos micro-cr\u00eaches \u00e0 Poissy\",\"potentialAction\":[{\"@type\":\"SearchAction\",\"target\":{\"@type\":\"EntryPoint\",\"urlTemplate\":\"https:\/\/reves-denfants.fr\/?s={search_term_string}\"},\"query-input\":{\"@type\":\"PropertyValueSpecification\",\"valueRequired\":true,\"valueName\":\"search_term_string\"}}],\"inLanguage\":\"fr-FR\"}]}<\/script>\n<!-- \/ Yoast SEO plugin. -->","yoast_head_json":{"title":"Mentions l\u00e9gales - Micro-cr\u00eaches R\u00eaves d&#039;enfants","robots":{"index":"index","follow":"follow","max-snippet":"max-snippet:-1","max-image-preview":"max-image-preview:large","max-video-preview":"max-video-preview:-1"},"canonical":"https:\/\/reves-denfants.fr\/index.php\/mentions-legales\/","og_locale":"fr_FR","og_type":"article","og_title":"Mentions l\u00e9gales - Micro-cr\u00eaches R\u00eaves d&#039;enfants","og_description":"MENTIONS L\u00c9GALES Les micro-cr\u00e8ches REVES D&rsquo;ENFANTS accueillent les enfants de 10 semaines jusqu\u2019\u00e0 l\u2019entr\u00e9e \u00e0 l\u2019\u00e9cole maternelle.\u200b\u200b \u200b\u200bR\u00eaves d&rsquo;Etoiles: Activit\u00e9 r\u00e9glement\u00e9e par une autorisation d&rsquo;ouverture publiques en date du 01\/10\/2020 d\u00e9livr\u00e9 par le pr\u00e9sident du conseil d\u00e9partemental.Bulles de R\u00eaves : Activit\u00e9 r\u00e9glement\u00e9e par une autorisation d&rsquo;ouverture publiques en date du [&hellip;]","og_url":"https:\/\/reves-denfants.fr\/index.php\/mentions-legales\/","og_site_name":"Micro-cr\u00eaches R\u00eaves d&#039;enfants","article_modified_time":"2023-10-06T08:57:10+00:00","og_image":[{"width":1238,"height":560,"url":"https:\/\/reves-denfants.fr\/wp-content\/uploads\/2020\/02\/LOGO-REVES-D-ENFANTS-2020.png","type":"image\/png"}],"twitter_card":"summary_large_image","twitter_misc":{"Dur\u00e9e de lecture estim\u00e9e":"3 minutes"},"schema":{"@context":"https:\/\/schema.org","@graph":[{"@type":"WebPage","@id":"https:\/\/reves-denfants.fr\/index.php\/mentions-legales\/","url":"https:\/\/reves-denfants.fr\/index.php\/mentions-legales\/","name":"Mentions l\u00e9gales - Micro-cr\u00eaches R\u00eaves d&#039;enfants","isPartOf":{"@id":"https:\/\/reves-denfants.fr\/#website"},"datePublished":"2022-10-21T12:28:04+00:00","dateModified":"2023-10-06T08:57:10+00:00","breadcrumb":{"@id":"https:\/\/reves-denfants.fr\/index.php\/mentions-legales\/#breadcrumb"},"inLanguage":"fr-FR","potentialAction":[{"@type":"ReadAction","target":["https:\/\/reves-denfants.fr\/index.php\/mentions-legales\/"]}]},{"@type":"BreadcrumbList","@id":"https:\/\/reves-denfants.fr\/index.php\/mentions-legales\/#breadcrumb","itemListElement":[{"@type":"ListItem","position":1,"name":"Accueil","item":"https:\/\/reves-denfants.fr\/"},{"@type":"ListItem","position":2,"name":"Mentions l\u00e9gales"}]},{"@type":"WebSite","@id":"https:\/\/reves-denfants.fr\/#website","url":"https:\/\/reves-denfants.fr\/","name":"Micro-cr\u00eaches R\u00eaves d&#039;enfants","description":"Nos micro-cr\u00eaches \u00e0 Poissy","potentialAction":[{"@type":"SearchAction","target":{"@type":"EntryPoint","urlTemplate":"https:\/\/reves-denfants.fr\/?s={search_term_string}"},"query-input":{"@type":"PropertyValueSpecification","valueRequired":true,"valueName":"search_term_string"}}],"inLanguage":"fr-FR"}]}},"_links":{"self":[{"href":"https:\/\/reves-denfants.fr\/index.php\/wp-json\/wp\/v2\/pages\/2086","targetHints":{"allow":["GET"]}}],"collection":[{"href":"https:\/\/reves-denfants.fr\/index.php\/wp-json\/wp\/v2\/pages"}],"about":[{"href":"https:\/\/reves-denfants.fr\/index.php\/wp-json\/wp\/v2\/types\/page"}],"author":[{"embeddable":true,"href":"https:\/\/reves-denfants.fr\/index.php\/wp-json\/wp\/v2\/users\/2"}],"replies":[{"embeddable":true,"href":"https:\/\/reves-denfants.fr\/index.php\/wp-json\/wp\/v2\/comments?post=2086"}],"version-history":[{"count":5,"href":"https:\/\/reves-denfants.fr\/index.php\/wp-json\/wp\/v2\/pages\/2086\/revisions"}],"predecessor-version":[{"id":2180,"href":"https:\/\/reves-denfants.fr\/index.php\/wp-json\/wp\/v2\/pages\/2086\/revisions\/2180"}],"wp:attachment":[{"href":"https:\/\/reves-denfants.fr\/index.php\/wp-json\/wp\/v2\/media?parent=2086"}],"curies":[{"name":"wp","href":"https:\/\/api.w.org\/{rel}","templated":true}]}}